{"id":91,"date":"2015-07-25T20:45:47","date_gmt":"2015-07-25T18:45:47","guid":{"rendered":"http:\/\/smart-r.at\/?page_id=91"},"modified":"2015-08-13T10:22:35","modified_gmt":"2015-08-13T08:22:35","slug":"grau","status":"publish","type":"page","link":"http:\/\/smart-r.at\/?page_id=91","title":{"rendered":"<!--:de-->grau<!--:--><!--:en-->grau<!--:--><!--:zh-->grau<!--:-->"},"content":{"rendered":"<p><!--:de--><a href=\"http:\/\/grau-musik.de\" target=\"_blank\"><img loading=\"lazy\" decoding=\"async\" class=\"alignright size-medium wp-image-92\" src=\"http:\/\/smart-r.at\/wp-content\/uploads\/2015\/08\/grau11081464_979585945386270_2112939368800887969_n.jpg\" alt=\"grau\" width=\"300\" height=\"226\" \/><\/a>Die Band <strong>grau<\/strong> habe ich 1991 zusammen mit <a href=\"http:\/\/www.marc-hieronimus.de\/\">Marc Hieronimus<\/a> gegr\u00fcndet, damals noch unter anderem Bandnamen.<br \/>\nVon anfangs sehr dunkler, dann punkiger Musik \u00fcber sehr experimentelles bis hin zu dem, was sie heute ist. Einfach Musik, wie ich es gerne ausdr\u00fccke.<br \/>\nEs darf sich gerne jeder sein eigenes Bild dar\u00fcber machen.<br \/>\nAuf der Seite finden sich fast alle St\u00fccke zum kostenlosen anh\u00f6ren oder auch herunterladen als MP3 Dateien.<br \/>\nDazu gibt es alle Texte mit einer integrierten Suchfunktion.<br \/>\nAuf diese Seite bin ich nicht nur wegen der Musik stolz, sondern auch weil ich sie von Hand programmiert habe (Etwas HTML, ein wenig CSS und f\u00fcr die Funktionalit\u00e4t noch etwas PHP und jQuery).<br \/>\n<img loading=\"lazy\" decoding=\"async\" class=\"aligncenter wp-image-330 size-full\" src=\"\/wp-content\/uploads\/2015\/08\/grau-logo-weiss.gif\" alt=\"grau-logo-weiss\" width=\"92\" height=\"109\" \/><!--:--><!--:en--><\/p>\n<p><p><a href=\"http:\/\/grau-musik.de\" target=\"_blank\"><img loading=\"lazy\" decoding=\"async\" class=\"alignright size-medium wp-image-92\" alt=\"grau\" src=\"http:\/\/smart-r.at\/wp-content\/uploads\/2015\/08\/grau11081464_979585945386270_2112939368800887969_n.jpg\" width=\"300\" height=\"226\" \/><\/a>I founded the band <strong>grau<\/strong> together with <a href=\"http:\/\/www.marc-hieronimus.de\/\">Marc Hieronimus<\/a> in 1991. Those days we still used another bandname.<br \/>\nIn the beginning we made some dark music, later some punk style and experimental stuff. Nowadays it changed to something wich I call &#8220;just music&#8221;.<br \/>\nEverybody may make up his own mind.<br \/>\nOn this site you&#8217;ll find almost all songs for free to listen to or download as MP3 files.<br \/>\nOn top of that you can browse all texts or use the integrated search engine.<br \/>\nI love this site not just because of the music we put there, but also because I programmed it by myself (a little bit of HTML, some CSS and for the functionality PHP and jQuery).<\/p>\n<\/p>\n<p><img loading=\"lazy\" decoding=\"async\" class=\" size-full wp-image-330 aligncenter\" src=\"\/wp-content\/uploads\/2015\/08\/grau-logo-weiss.gif\" alt=\"grau-logo-weiss\" width=\"92\" height=\"109\" \/><\/p>\n<\/p>\n<p><!--:--><!--:zh--><\/p>\n<p><p><a href=\"http:\/\/grau-musik.de\" target=\u201c_blank\u201c><img loading=\"lazy\" decoding=\"async\" class=\"alignright size-medium wp-image-92\" alt=\"grau\" src=\"http:\/\/smart-r.at\/wp-content\/uploads\/2015\/08\/grau11081464_979585945386270_2112939368800887969_n.jpg\" width=\"300\" height=\"226\" \/><\/a>1991\u6211\u548c<a href=\"http:\/\/www.marc-hieronimus.de\/\">Marc Hieronimus<\/a> \u7ec4\u4e86\u8fd9\u4e2a\u4e50\u961f\u53eb\u505a<strong>grau<\/strong><br \/>\n\u90a3\u65f6\u5019\u6211\u4eec\u7684\u4e50\u961f\u8fd8\u6709\u5176\u4ed6\u540d\u5b57\u3002<br \/>\n\u6700\u5f00\u59cb\u6211\u4eec\u505a\u7684\u6709\u70b9\u513f\u7c7b\u4f3c\u9ed1\u6697\u97f3\u4e50\u3002\u540e\u6765\u53d8\u6210\u670b\u514b\u200b\u97f3\u4e50\u548c\u8bd5\u9a8c\u578b\u200b\u7684\u97f3\u4e50\u3002<br \/>\n\u73b0\u5728\u53c8\u53d8\u4e86\u3002\u6211\u60f3\u5b83\u53ea\u662f\u97f3\u4e50\u3002\u6bcf\u4e2a\u4eba\u53ef\u4ee5\u81ea\u5df1\u5224\u65ad\u3002<br \/>\n\u5728grau\u4e50\u961f\u7684\u7f51\u9875\u91cc\u53ef\u4ee5\u4e0b\u8f7dMP3.\u8fd8\u6709\u6bcf\u9996\u6b4c\u7684\u6b4c\u8bcd\u3002<br \/>\n\u6211\u5f88\u559c\u6b22\u8fd9\u4e2a\u7f51\u7ad9,\u4e0d\u53ea\u662f\u56e0\u4e3a\u6211\u4eec\u7684\u97f3\u4e50,\u66f4\u56e0\u4e3a\u6211\u81ea\u5df1\u7f16\u5199\u4e86\u6240\u6709\u4ee3\u7801\u3002<\/p>\n<\/p>\n<p><img loading=\"lazy\" decoding=\"async\" class=\" size-full wp-image-330 aligncenter\" src=\"\/wp-content\/uploads\/2015\/08\/grau-logo-weiss.gif\" alt=\"grau-logo-weiss\" width=\"92\" height=\"109\" \/><\/p>\n<\/p>\n<p><!--:--><\/p>\n","protected":false},"excerpt":{"rendered":"<p>Die Band grau habe ich 1991 zusammen mit Marc Hieronimus gegr\u00fcndet, damals noch unter anderem Bandnamen. Von anfangs sehr dunkler, dann punkiger Musik \u00fcber sehr experimentelles bis hin zu dem, was sie heute ist. Einfach Musik, wie ich es gerne ausdr\u00fccke. Es darf sich gerne jeder sein eigenes Bild dar\u00fcber machen. Auf der Seite finden [&hellip;]<\/p>\n","protected":false},"author":1,"featured_media":0,"parent":0,"menu_order":0,"comment_status":"closed","ping_status":"open","template":"","meta":{"footnotes":""},"class_list":["post-91","page","type-page","status-publish","hentry"],"_links":{"self":[{"href":"http:\/\/smart-r.at\/index.php?rest_route=\/wp\/v2\/pages\/91","targetHints":{"allow":["GET"]}}],"collection":[{"href":"http:\/\/smart-r.at\/index.php?rest_route=\/wp\/v2\/pages"}],"about":[{"href":"http:\/\/smart-r.at\/index.php?rest_route=\/wp\/v2\/types\/page"}],"author":[{"embeddable":true,"href":"http:\/\/smart-r.at\/index.php?rest_route=\/wp\/v2\/users\/1"}],"replies":[{"embeddable":true,"href":"http:\/\/smart-r.at\/index.php?rest_route=%2Fwp%2Fv2%2Fcomments&post=91"}],"version-history":[{"count":40,"href":"http:\/\/smart-r.at\/index.php?rest_route=\/wp\/v2\/pages\/91\/revisions"}],"predecessor-version":[{"id":354,"href":"http:\/\/smart-r.at\/index.php?rest_route=\/wp\/v2\/pages\/91\/revisions\/354"}],"wp:attachment":[{"href":"http:\/\/smart-r.at\/index.php?rest_route=%2Fwp%2Fv2%2Fmedia&parent=91"}],"curies":[{"name":"wp","href":"https:\/\/api.w.org\/{rel}","templated":true}]}}