{"id":105,"date":"2015-07-25T21:00:22","date_gmt":"2015-07-25T19:00:22","guid":{"rendered":"http:\/\/smart-r.at\/?page_id=105"},"modified":"2015-09-20T20:53:53","modified_gmt":"2015-09-20T18:53:53","slug":"emotion-pinkdust","status":"publish","type":"page","link":"http:\/\/smart-r.at\/?page_id=105","title":{"rendered":"<!--:de-->Emotion pink\/dust<!--:--><!--:en-->Emotion pink\/dust<!--:--><!--:zh-->Emotion pink\/dust<!--:-->"},"content":{"rendered":"<p><!--:de--><strong><a href=\"http:\/\/emotion-pink-dust.smart-r.at\" target=\"_blank\"><img loading=\"lazy\" decoding=\"async\" class=\"alignright size-medium wp-image-151\" alt=\"040620151097\" src=\"http:\/\/smart-r.at\/wp-content\/uploads\/2015\/07\/040620151097-225x300.jpg\" width=\"225\" height=\"300\" srcset=\"http:\/\/smart-r.at\/wp-content\/uploads\/2015\/07\/040620151097-225x300.jpg 225w, http:\/\/smart-r.at\/wp-content\/uploads\/2015\/07\/040620151097-768x1024.jpg 768w, http:\/\/smart-r.at\/wp-content\/uploads\/2015\/07\/040620151097-624x832.jpg 624w, http:\/\/smart-r.at\/wp-content\/uploads\/2015\/07\/040620151097.jpg 1944w\" sizes=\"auto, (max-width: 225px) 100vw, 225px\" \/><\/a>Emotion pink\/dust<\/strong> war ein musikalisches Nebenprojekt zur Band <a href=\"http:\/\/smart-r.at\/?page_id=91\">grau<\/a>, das ich mit Olaf Koch zusammen gegr\u00fcndet habe.<br \/>\nIn dieser Konstellation haben wir neue Klangerzeuger gesucht und gefunden.<br \/>\nWir haben mit K\u00fcchengeschirr, Werkzeugen und Elektromotoren ebenso gearbeitet wie mit elektronischen Klangerzeugern und Effektger\u00e4ten.<br \/>\nWir haben eigene, zum Teil sehr kuriose Maschinen zur Klangerzeugung gebaut und in alle Richtungen experimentiert.<br \/>\nDabei sind, wie ich finde sehr gelungene und interessante St\u00fccke entstanden.<br \/>\n<strong>Emotion pink\/dust<\/strong> hat leider nur ein paar Jahre existiert.<\/p>\n<p><!--:--><!--:en--><strong><a href=\"http:\/\/emotion-pink-dust.smart-r.at\/en\/\" target=\"_blank\"><img loading=\"lazy\" decoding=\"async\" class=\"alignright size-medium wp-image-151\" alt=\"040620151097\" src=\"http:\/\/smart-r.at\/wp-content\/uploads\/2015\/07\/040620151097-225x300.jpg\" width=\"225\" height=\"300\" srcset=\"http:\/\/smart-r.at\/wp-content\/uploads\/2015\/07\/040620151097-225x300.jpg 225w, http:\/\/smart-r.at\/wp-content\/uploads\/2015\/07\/040620151097-768x1024.jpg 768w, http:\/\/smart-r.at\/wp-content\/uploads\/2015\/07\/040620151097-624x832.jpg 624w, http:\/\/smart-r.at\/wp-content\/uploads\/2015\/07\/040620151097.jpg 1944w\" sizes=\"auto, (max-width: 225px) 100vw, 225px\" \/><\/a>Emotion pink\/dust<\/strong> was a musical side project besides the band <a href=\"http:\/\/smart-r.at\/?page_id=91&#038;&#038;lang=en\">grau<\/a> that I founded together with Olaf Koch.<br \/>\nIn this constellation we searched and found new ways of creating sounds.<br \/>\nWe used kitchen utensils, tools and electric motors as well as electronic tone generators and effects processors.<br \/>\nWe built some strange machines for sound creation also and have been experimenting in lots of different ways.<br \/>\nAs a result we wrote some interesting songs (in my opinion)<br \/>\nUnfortunately <strong>Emotion pink\/dust<\/strong> only lasted for a few years.<!--:--><!--:zh--><strong><a href=\"http:\/\/emotion-pink-dust.smart-r.at\/en\/\" target=\u201c_blank\u201c><img loading=\"lazy\" decoding=\"async\" class=\"alignright size-medium wp-image-151\" alt=\"040620151097\" src=\"http:\/\/smart-r.at\/wp-content\/uploads\/2015\/07\/040620151097-225x300.jpg\" width=\"225\" height=\"300\" srcset=\"http:\/\/smart-r.at\/wp-content\/uploads\/2015\/07\/040620151097-225x300.jpg 225w, http:\/\/smart-r.at\/wp-content\/uploads\/2015\/07\/040620151097-768x1024.jpg 768w, http:\/\/smart-r.at\/wp-content\/uploads\/2015\/07\/040620151097-624x832.jpg 624w, http:\/\/smart-r.at\/wp-content\/uploads\/2015\/07\/040620151097.jpg 1944w\" sizes=\"auto, (max-width: 225px) 100vw, 225px\" \/><\/a>Emotion pink\/dust<\/strong>\u662f\u5728\u505a<a href=\"http:\/\/smart-r.at\/?page_id=91\">grau<\/a>\u7684\u65f6\u5019\uff0c\u989d\u5916\u505a\u7684\u4e00\u4e2a\u9879\u76ee\u3002<br \/>\n\u8fd9\u4e2a\u4e50\u961f\u662f\u6211\u548cOlaf Koch\u4e00\u8d77\u505a\u7684\u3002<br \/>\n\u6211\u4eec\u4fe9\u627e\u53e6\u5916\u4e00\u4e9b\u505a\u97f3\u4e50\u7684\u65b9\u6cd5\u3002<br \/>\n\u6211\u4eec\u5c1d\u8bd5\u7528\u8fc7\u7897\u789f\uff0c\u5de5\u5177\uff0c\u7535\u52a8\u673a\uff0c\u7535\u5b50\u8bed\u97f3\u6a21\u5757\u548c\u6548\u679c\u5904\u7406\u5668\u3002<br \/>\n\u6211\u4eec\u4e5f\u81ea\u5df1\u9020\u4e86\u4e00\u4e9b\u5236\u4f5c\u58f0\u97f3\u7684\u673a\u5668\u3002<br \/>\n\u8fd9\u6837\u6211\u4eec\u505a\u4e86\u4e00\u4e9b\u5f88\u6709\u610f\u601d\u7684\u6b4c\u66f2\u3002<br \/>\n\u9057\u61be\u7684\u662f\uff0c<strong>Emotion pink\/dust<\/strong>\u53ea\u751f\u5b58\u4e86\u51e0\u5e74\u3002<!--:--><\/p>\n","protected":false},"excerpt":{"rendered":"<p>Emotion pink\/dust war ein musikalisches Nebenprojekt zur Band grau, das ich mit Olaf Koch zusammen gegr\u00fcndet habe. In dieser Konstellation haben wir neue Klangerzeuger gesucht und gefunden. Wir haben mit K\u00fcchengeschirr, Werkzeugen und Elektromotoren ebenso gearbeitet wie mit elektronischen Klangerzeugern und Effektger\u00e4ten. Wir haben eigene, zum Teil sehr kuriose Maschinen zur Klangerzeugung gebaut und in [&hellip;]<\/p>\n","protected":false},"author":1,"featured_media":0,"parent":0,"menu_order":0,"comment_status":"closed","ping_status":"open","template":"","meta":{"footnotes":""},"class_list":["post-105","page","type-page","status-publish","hentry"],"_links":{"self":[{"href":"http:\/\/smart-r.at\/index.php?rest_route=\/wp\/v2\/pages\/105","targetHints":{"allow":["GET"]}}],"collection":[{"href":"http:\/\/smart-r.at\/index.php?rest_route=\/wp\/v2\/pages"}],"about":[{"href":"http:\/\/smart-r.at\/index.php?rest_route=\/wp\/v2\/types\/page"}],"author":[{"embeddable":true,"href":"http:\/\/smart-r.at\/index.php?rest_route=\/wp\/v2\/users\/1"}],"replies":[{"embeddable":true,"href":"http:\/\/smart-r.at\/index.php?rest_route=%2Fwp%2Fv2%2Fcomments&post=105"}],"version-history":[{"count":35,"href":"http:\/\/smart-r.at\/index.php?rest_route=\/wp\/v2\/pages\/105\/revisions"}],"predecessor-version":[{"id":377,"href":"http:\/\/smart-r.at\/index.php?rest_route=\/wp\/v2\/pages\/105\/revisions\/377"}],"wp:attachment":[{"href":"http:\/\/smart-r.at\/index.php?rest_route=%2Fwp%2Fv2%2Fmedia&parent=105"}],"curies":[{"name":"wp","href":"https:\/\/api.w.org\/{rel}","templated":true}]}}